{"id":856,"date":"2018-07-02T19:30:25","date_gmt":"2018-07-02T22:30:25","guid":{"rendered":"https:\/\/isp21-sfe.infd.edu.ar\/sitio\/profesorado-en-matematica\/"},"modified":"2025-11-30T17:00:16","modified_gmt":"2025-11-30T20:00:16","slug":"profesorado-en-matematica","status":"publish","type":"page","link":"https:\/\/isp21-sfe.infd.edu.ar\/sitio\/profesorado-en-matematica\/","title":{"rendered":"Profesorado de Matem\u00e1tica"},"content":{"rendered":"\n<figure class=\"wp-block-image size-full is-resized\"><img decoding=\"async\" loading=\"lazy\" src=\"https:\/\/isp21-sfe.infd.edu.ar\/sitio\/wp-content\/uploads\/2025\/11\/3.jpg\" alt=\"\" class=\"wp-image-2625\" width=\"1020\" height=\"488\" srcset=\"https:\/\/isp21-sfe.infd.edu.ar\/sitio\/wp-content\/uploads\/2025\/11\/3.jpg 940w, https:\/\/isp21-sfe.infd.edu.ar\/sitio\/wp-content\/uploads\/2025\/11\/3-768x368.jpg 768w\" sizes=\"(max-width: 1020px) 100vw, 1020px\" \/><\/figure>\n\n\n<h6 data-start=\"345\" data-end=\"402\">\u00a0<\/h6>\n<h5 data-start=\"345\" data-end=\"402\"><strong data-start=\"351\" data-end=\"402\">T\u00edtulo a otorgar: <\/strong>Profesor\/a de Educaci\u00f3n Secundaria en Matem\u00e1tica<strong data-start=\"351\" data-end=\"402\"><br \/>Duraci\u00f3n: 4 a\u00f1os.<\/strong><br \/>Modalidad de cursado: Presencial, Semi-presencial y\/ o libre.\u00a0<\/h5>\n<h5 data-start=\"345\" data-end=\"402\"><strong data-start=\"351\" data-end=\"402\"><br \/>\u00bfPor qu\u00e9 estudiar el Profesorado en Matem\u00e1tica?<\/strong><\/h5>\n<p data-start=\"403\" data-end=\"703\">La Matem\u00e1tica es mucho m\u00e1s que n\u00fameros: es lenguaje, pensamiento cr\u00edtico, creatividad y resoluci\u00f3n de problemas. Ser profesor de Matem\u00e1tica es tener la oportunidad de despertar en otros el asombro por descubrir patrones, entender el mundo con herramientas rigurosas y tomar decisiones con fundamento.<\/p>\n<h5><strong data-start=\"716\" data-end=\"754\">\u00bfQu\u00e9 vas a lograr en esta carrera?<\/strong><\/h5>\n<ul data-start=\"755\" data-end=\"1163\">\n<li data-start=\"755\" data-end=\"846\">\n<p data-start=\"757\" data-end=\"846\">Desarrollar un <strong data-start=\"772\" data-end=\"813\">pensamiento l\u00f3gico y anal\u00edtico s\u00f3lido<\/strong>, combinando teor\u00eda y pr\u00e1ctica.<\/p>\n<\/li>\n<li data-start=\"755\" data-end=\"846\">\n<p data-start=\"757\" data-end=\"846\">Manejar estrategias did\u00e1cticas innovadoras para <strong data-start=\"897\" data-end=\"929\">motivar a estudiantes reales<\/strong>.<\/p>\n<\/li>\n<li data-start=\"933\" data-end=\"1044\">\n<p data-start=\"935\" data-end=\"1044\">Adquirir recursos para llevar la Matem\u00e1tica a la vida cotidiana y convertirla en una herramienta accesible.<\/p>\n<\/li>\n<li data-start=\"1045\" data-end=\"1163\">\n<p data-start=\"1047\" data-end=\"1163\">Formarte como docente con <strong data-start=\"1073\" data-end=\"1093\">visi\u00f3n inclusiva<\/strong>, preparada\/o para los desaf\u00edos actuales de la educaci\u00f3n secundaria.<\/p>\n<\/li>\n<\/ul>\n<h5 data-start=\"1170\" data-end=\"1212\">\u00a0<\/h5>\n<h5 data-start=\"1170\" data-end=\"1212\"><strong data-start=\"1176\" data-end=\"1212\">Pr\u00e1cticas reales desde el inicio<\/strong><\/h5>\n<p data-start=\"1213\" data-end=\"1283\">Vas a tener experiencias en escuelas de la regi\u00f3n que te permitir\u00e1n:<\/p>\n<ul data-start=\"1284\" data-end=\"1437\">\n<li data-start=\"1284\" data-end=\"1311\">\n<p data-start=\"1286\" data-end=\"1311\">Observar clases en escuelas asociadas, en distintas modalidades del sistema educativo.<\/p>\n<\/li>\n<li data-start=\"1312\" data-end=\"1364\">\n<p data-start=\"1314\" data-end=\"1364\">Planificar y ense\u00f1ar con acompa\u00f1amiento docente.<\/p>\n<\/li>\n<li data-start=\"1365\" data-end=\"1437\">Integrarte a equipos educativos y conocer el rol docente desde dentro.<\/li>\n<\/ul>\n<h5 data-start=\"1444\" data-end=\"1473\">\u00a0<\/h5>\n\n<div class=\"wp-block-image\">\n<figure class=\"aligncenter size-full is-resized\"><img decoding=\"async\" loading=\"lazy\" src=\"https:\/\/isp21-sfe.infd.edu.ar\/sitio\/wp-content\/uploads\/2025\/11\/Matematica_TrabajosLudicos-1.jpeg\" alt=\"\" class=\"wp-image-2624\" width=\"565\" height=\"424\" srcset=\"https:\/\/isp21-sfe.infd.edu.ar\/sitio\/wp-content\/uploads\/2025\/11\/Matematica_TrabajosLudicos-1.jpeg 1600w, https:\/\/isp21-sfe.infd.edu.ar\/sitio\/wp-content\/uploads\/2025\/11\/Matematica_TrabajosLudicos-1-1000x750.jpeg 1000w, https:\/\/isp21-sfe.infd.edu.ar\/sitio\/wp-content\/uploads\/2025\/11\/Matematica_TrabajosLudicos-1-768x576.jpeg 768w, https:\/\/isp21-sfe.infd.edu.ar\/sitio\/wp-content\/uploads\/2025\/11\/Matematica_TrabajosLudicos-1-1536x1152.jpeg 1536w\" sizes=\"(max-width: 565px) 100vw, 565px\" \/><\/figure><\/div>\n\n\n<h5 class=\"wp-block-heading\"><strong data-start=\"1450\" data-end=\"1473\">Perfil del egresado<\/strong><\/h5>\n\n\n\n<ul>\n<li> Ense\u00f1ar Matem\u00e1tica en el nivel secundario. <\/li>\n\n\n\n<li> Elaborar propuestas did\u00e1cticas creativas e inclusivas. <\/li>\n\n\n\n<li> Utilizar TIC y recursos digitales para potenciar el aprendizaje. <\/li>\n\n\n\n<li> Trabajar en proyectos interdisciplinarios. <\/li>\n\n\n\n<li> Continuar estudios en el nivel universitario, tecnicaturas o posgrados. <\/li>\n<\/ul>\n\n\n\n<h5 class=\"wp-block-heading\"><strong data-start=\"1834\" data-end=\"1860\">Una carrera con futuro<\/strong><\/h5>\n\n\n\n<p>Al finalizar la carrera estar\u00e1s preparado\/a para:<\/p>\n\n\n\n<p>La demanda de docentes de Matem\u00e1tica es <strong data-start=\"1901\" data-end=\"1921\">alta y sostenida<\/strong>. Formarte en esta \u00e1rea te asegura diversas oportunidades laborales, tanto en instituciones p\u00fablicas como privadas, y en espacios educativos no formales.<\/p>\n\n\n\n<h5 class=\"wp-block-heading\"><strong data-start=\"2087\" data-end=\"2119\">\u00bfPara qui\u00e9n es esta carrera?<\/strong><\/h5>\n\n\n\n<p>Para quienes:<\/p>\n\n\n\n<ul>\n<li> Disfrutan de los desaf\u00edos intelectuales. <\/li>\n\n\n\n<li> Tienen curiosidad, paciencia y ganas de acompa\u00f1ar procesos de aprendizaje. <\/li>\n\n\n\n<li> Buscan una formaci\u00f3n s\u00f3lida con impacto social. <\/li>\n\n\n\n<li>Quieren construir una carrera profesional estable y con sentido.<\/li>\n<\/ul>\n\n\n\n<h5 class=\"wp-block-heading\"><strong data-start=\"2391\" data-end=\"2434\">Lo que hace \u00fanico a nuestro profesorado<\/strong><\/h5>\n\n\n\n<ul>\n<li> Acompa\u00f1amiento permanente de docentes especializados. <\/li>\n\n\n\n<li> Trayectos formativos integrados entre Matem\u00e1tica, Did\u00e1ctica y Pr\u00e1ctica. <\/li>\n\n\n\n<li> Clima institucional cercano, humano y con identidad. <\/li>\n\n\n\n<li> Acceso a proyectos, actividades extracurriculares y formaci\u00f3n continua. <\/li>\n<\/ul>\n\n\n\n<h5 class=\"wp-block-heading\"><br>+ Informaci\u00f3n:<\/h5>\n\n\n\n<p><a href=\"https:\/\/isp21-sfe.infd.edu.ar\/sitio\/wp-content\/uploads\/2024\/12\/plan-de-estudio-matematica.pdf\"><strong>Plan de Estudio<\/strong>&nbsp;<\/a><\/p>\n\n\n\n<p class=\"has-text-align-left\"><a title=\"Dise\u00f1o curricular prof. de educ. secundaria en matematica\" href=\"upload\/RM_2090-_15_ANEXO_VII_Matematica.pdf\" target=\"_blank\" rel=\"noopener\"><strong><span style=\"text-decoration: underline;\"><span style=\"font-size: 12pt;\"><span style=\"font-family: arial,helvetica,sans-serif;\">Dise\u00f1o Curricular &#8211; RM 2090-15<\/span><\/span><\/span><\/strong><\/a><\/p>\n\n\n\n<p><a href=\"https:\/\/isp21-sfe.infd.edu.ar\/sitio\/wp-content\/uploads\/2024\/12\/CORRELATIVIDADES-MATEMATICA.pdf\"><strong>Correlatividades<\/strong><\/a><\/p>\n\n\n<div class=\"wp-block-image\">\n<figure class=\"aligncenter size-full\"><img decoding=\"async\" loading=\"lazy\" width=\"940\" height=\"450\" src=\"https:\/\/isp21-sfe.infd.edu.ar\/sitio\/wp-content\/uploads\/2025\/11\/4.jpg\" alt=\"\" class=\"wp-image-2627\" srcset=\"https:\/\/isp21-sfe.infd.edu.ar\/sitio\/wp-content\/uploads\/2025\/11\/4.jpg 940w, https:\/\/isp21-sfe.infd.edu.ar\/sitio\/wp-content\/uploads\/2025\/11\/4-768x368.jpg 768w\" sizes=\"(max-width: 940px) 100vw, 940px\" \/><\/figure><\/div>\n\n\n<p class=\"has-text-align-center\">&nbsp;<\/p>\n","protected":false},"excerpt":{"rendered":"<p>\u00a0 T\u00edtulo a otorgar: Profesor\/a de Educaci\u00f3n Secundaria en Matem\u00e1ticaDuraci\u00f3n: 4 a\u00f1os.Modalidad de cursado: Presencial, Semi-presencial y\/ o libre.\u00a0 \u00bfPor qu\u00e9 estudiar el Profesorado en Matem\u00e1tica? La Matem\u00e1tica es mucho m\u00e1s que n\u00fameros: es lenguaje, pensamiento cr\u00edtico, creatividad y resoluci\u00f3n de problemas. Ser profesor de Matem\u00e1tica es tener la oportunidad de despertar en otros el &#8230; <a title=\"Profesorado de Matem\u00e1tica\" class=\"read-more\" href=\"https:\/\/isp21-sfe.infd.edu.ar\/sitio\/profesorado-en-matematica\/\" aria-label=\"More on Profesorado de Matem\u00e1tica\">[+]<\/a><\/p>\n","protected":false},"author":331,"featured_media":0,"parent":0,"menu_order":0,"comment_status":"closed","ping_status":"closed","template":"","meta":[],"acf":[],"_links":{"self":[{"href":"https:\/\/isp21-sfe.infd.edu.ar\/sitio\/wp-json\/wp\/v2\/pages\/856"}],"collection":[{"href":"https:\/\/isp21-sfe.infd.edu.ar\/sitio\/wp-json\/wp\/v2\/pages"}],"about":[{"href":"https:\/\/isp21-sfe.infd.edu.ar\/sitio\/wp-json\/wp\/v2\/types\/page"}],"author":[{"embeddable":true,"href":"https:\/\/isp21-sfe.infd.edu.ar\/sitio\/wp-json\/wp\/v2\/users\/331"}],"replies":[{"embeddable":true,"href":"https:\/\/isp21-sfe.infd.edu.ar\/sitio\/wp-json\/wp\/v2\/comments?post=856"}],"version-history":[{"count":13,"href":"https:\/\/isp21-sfe.infd.edu.ar\/sitio\/wp-json\/wp\/v2\/pages\/856\/revisions"}],"predecessor-version":[{"id":2637,"href":"https:\/\/isp21-sfe.infd.edu.ar\/sitio\/wp-json\/wp\/v2\/pages\/856\/revisions\/2637"}],"wp:attachment":[{"href":"https:\/\/isp21-sfe.infd.edu.ar\/sitio\/wp-json\/wp\/v2\/media?parent=856"}],"curies":[{"name":"wp","href":"https:\/\/api.w.org\/{rel}","templated":true}]}}